{"id":13694,"date":"2026-04-09T11:56:24","date_gmt":"2026-04-09T09:56:24","guid":{"rendered":"https:\/\/sapport.gov.mt\/?page_id=13694"},"modified":"2026-04-29T09:31:34","modified_gmt":"2026-04-29T07:31:34","slug":"persuni-neqsin-mis-smigh","status":"publish","type":"page","link":"https:\/\/sapport.gov.mt\/mt\/servizzi\/persuni-neqsin-mis-smigh\/","title":{"rendered":"Servizz g\u0127all-persuni neqsin mis-smig\u0127"},"content":{"rendered":"<div class=\"tabs-text align\">\n    <div id=\"tabs-text-block_54fcb5c1e8e2f3a13fe27867da6e50da\" class=\"block-tabs-text\">\n\n    <div class=\"blend-mode luminosity\">\n                <div class=\"img inline-bg-image lazyload\" role=\"img\" aria-label=\"Person giving a presentation with a monitor in the background\" style=\"background-image:inherit;\" data-bg-image=\"url(https:\/\/sapport.gov.mt\/wp-content\/uploads\/2026\/04\/web-image.jpeg)\"><\/div>\n    <\/div>\n\n    <div class=\"inner np flex-columns stretch\">\n        <div class=\"col-35 left-side\">\n\n            \n            <p class=\"breadcrumbs\"><span><span><a href=\"https:\/\/sapport.gov.mt\/mt\/\">Pa\u0121na<\/a><\/span><\/span><\/p>\n            <h1 class=\"h1 white\">Servizz g\u0127all-persuni neqsin mis-smig\u0127<\/h1>\n\n            \n                        <ul id=\"tabs-nav\" class=\"tabs-nav\">\n                \n                    <li class=\"tab-title\">\n                        <a id=\"arsa-enerali\" href=\"#tabs-content\" data-tab=\"#tab1\" class=\"tab-nav\">\u0126arsa \u0120enerali<\/a>\n                    <\/li>\n            \n                \n                    <li class=\"tab-title\">\n                        <a id=\"jilijiet-dwar-kif-nikkomunikaw-ajar-ma-persuni-neqsin-mis-smig\" href=\"#tabs-content\" data-tab=\"#tab2\" class=\"tab-nav\">\u0126jilijiet dwar kif nikkomunikaw a\u0127jar ma\u2019 persuni neqsin mis-smig\u0127<\/a>\n                    <\/li>\n            \n                \n                    <li class=\"tab-title\">\n                        <a id=\"lingwa-tas-sinjali-maltija\" href=\"#tabs-content\" data-tab=\"#tab3\" class=\"tab-nav\">Lingwa tas-Sinjali Maltija<\/a>\n                    <\/li>\n            \n                            <\/ul>\n                    <\/div>\n\n        <div class=\"col-65 right-side\">\n            \n                        <div id=\"tabs-content\" class=\"tabs-content\">\n                                <div id=\"tab1\" class=\"tab-content\">\n                    <h2 class=\"h4\">\u0126arsa \u0120enerali<\/h2>\n                    <div class=\"post-content\"><p>Is-Servizz g\u0127all-Persuni Neqsin mis-Smig\u0127 jipprovdi informazzjoni u gwida biex jappo\u0121\u0121ja l-a\u010b\u010bess g\u0127all-persuni b\u2019telf ta\u2019 smig\u0127. Is-servizz jg\u0127in lill-individwi, lill-familji, u lill-professjonisti jag\u0127mlu kuntatt mas-servizzi u jikkomunikaw b\u2019mod aktar effettiv.<\/p>\n<p>&nbsp;<\/p>\n<p>Ji\u0121u pprovduti wkoll sessjonijiet ta\u2019 g\u0127arfien biex jg\u0127allmu livell ba\u017ciku ta\u2019 lingwa tas-sinjali Maltija. Is-sessjonijiet huma mfassla apposta skont is-sitwazzjoni u l-\u0127ti\u0121ijiet partikolari ta\u2019 min ju\u017ca s-servizz.<\/p>\n<p>&nbsp;<\/p>\n<p>Il-kollaborazzjonijiet u l-koproduzzjoni jitwettqu ma\u2019 servizzi o\u0127ra minn A\u0121enzija Sapport u ma\u2019 entitajiet o\u0127ra li jipprovdu servizzi o\u0127ra b\u0127all-FITA, is-CRPD, u s-servizz ta\u2019 Interpretazzjoni tal-Lingwa tas-Sinjali.<\/p>\n<p>&nbsp;<\/p>\n<p>Is-servizzi huma ta\u2019 benefi\u010b\u010bju g\u0127al:<\/p>\n<ul>\n<li>Persuni neqsin mis-smig\u0127 ta\u2019 kull et\u00e0<\/li>\n<li>Persuni li jesperjenzaw telf ta\u2019 smig\u0127 u forsi ju\u017caw hearing aids jew impjanti kokleari<\/li>\n<li>Familji, skejjel, postijiet tax-xog\u0127ol kif ukoll professjonisti o\u0127ra<\/li>\n<\/ul>\n<p>&nbsp;<\/p>\n<p>G\u0127al aktar informazzjoni jew biex tibbukkja s-servizz, wie\u0127ed jista\u2019 jibg\u0127at email fuq <a href=\"mailto:deaf.sapport@gov.mt\">deaf.sapport@gov.mt<\/a>.<\/p>\n<\/div>\n\n                                            \n                <\/div>\n                                <div id=\"tab2\" class=\"tab-content\">\n                    <h2 class=\"h4\">\u0126jilijiet dwar kif nikkomunikaw a\u0127jar ma\u2019 Persuni Neqsin mis-Smig\u0127<\/h2>\n                    <div class=\"post-content\"><ul>\n<li>Xejjer jew taptap fuq l-ispalla biex ti\u0121bed l-attenzjoni tag\u0127hom<\/li>\n<\/ul>\n<p>&nbsp;<\/p>\n<ul>\n<li>\u0126ares lejn il-persuna meta titkellem<\/li>\n<\/ul>\n<p>&nbsp;<\/p>\n<ul>\n<li>Oqg\u0127od fid-dawl biex wi\u010b\u010bek jidher sew<\/li>\n<\/ul>\n<p>&nbsp;<\/p>\n<ul>\n<li>Ieqaf g\u0127al pawsiet waqt li titkellem<\/li>\n<\/ul>\n<p>&nbsp;<\/p>\n<ul>\n<li>Tkellem b\u2019pass normali u \u010bar kemm jista\u2019 jkun<\/li>\n<\/ul>\n<p>&nbsp;<\/p>\n<ul>\n<li>Jekk tkun fi grupp, titkellmux f\u2019daqqa<\/li>\n<\/ul>\n<p>&nbsp;<\/p>\n<ul>\n<li>Indirizza l-persuna, mhux lill-interpretu<\/li>\n<\/ul>\n<p>&nbsp;<\/p>\n<ul>\n<li>Kun pa\u010benzju\u017c u kalm, u fuq kollox, tib\u017cax<\/li>\n<\/ul>\n<p>&nbsp;<\/p>\n<ul>\n<li>U\u017ca l-espressjonijiet tal-wi\u010b\u010b u l-moviment tal-\u0121isem<\/li>\n<\/ul>\n<\/div>\n\n                                            \n                <\/div>\n                                <div id=\"tab3\" class=\"tab-content\">\n                    <h2 class=\"h4\">Lingwa tas-Sinjali Maltija<\/h2>\n                    <div class=\"post-content\"><p><a href=\"https:\/\/sapport.gov.mt\/wp-content\/uploads\/2026\/04\/A-Z-Lingwa-tas-Sinjali-Maltija.pdf\" target=\"_blank\" rel=\"noopener\">Ag\u0127fas fuq din il-\u0127olqa g\u0127all-alfabett bil-lingwa tas-sinjali Maltija<\/a><\/p>\n<p>&nbsp;<\/p>\n<p>&nbsp;<\/p>\n<\/div>\n\n                                            \n                <\/div>\n                            <\/div>\n                    \n        <\/div>\n\n    <\/div>\n<\/div><\/div>","protected":false},"excerpt":{"rendered":"<p>The Deaf &#038; Hard of Hearing service provides information, and guidance to support access for persons with hearing loss. <\/p>\n","protected":false},"author":3,"featured_media":13697,"parent":2105,"menu_order":13,"comment_status":"closed","ping_status":"closed","template":"","meta":{"_acf_changed":false,"inline_featured_image":false,"footnotes":""},"categories":[45],"class_list":["post-13694","page","type-page","status-publish","has-post-thumbnail","hentry","category-services-mt"],"acf":[],"yoast_head":"<!-- This site is optimized with the Yoast SEO plugin v27.5 - https:\/\/yoast.com\/product\/yoast-seo-wordpress\/ -->\n<title>Servizz g\u0127all-persuni neqsin mis-smig\u0127 - Agenzija Sapport<\/title>\n<meta name=\"description\" content=\"A\u0121enzija Sapport toffri servizz ta\u2019 Interpretazzjoni tal-Lingwa tas-Sinjali lil individwi neqsin mis-smig\u0127 li ju\u017caw il-Lingwa tas-Sinjali Maltija (LSM) sabiex jiffa\u010bilitaw il-komunikazzjoni fil-\u0127ajja ta\u2019 kuljum u g\u0127alhekk jinkludu varjet\u00e0 ta\u2019 setturi\" \/>\n<meta name=\"robots\" content=\"index, follow, max-snippet:-1, max-image-preview:large, max-video-preview:-1\" \/>\n<link rel=\"canonical\" href=\"https:\/\/sapport.gov.mt\/mt\/servizzi\/persuni-neqsin-mis-smigh\/\" \/>\n<meta property=\"og:locale\" content=\"mt_MT\" \/>\n<meta property=\"og:type\" content=\"article\" \/>\n<meta property=\"og:title\" content=\"Servizz g\u0127all-persuni neqsin mis-smig\u0127 - Agenzija Sapport\" \/>\n<meta property=\"og:description\" content=\"A\u0121enzija Sapport toffri servizz ta\u2019 Interpretazzjoni tal-Lingwa tas-Sinjali lil individwi neqsin mis-smig\u0127 li ju\u017caw il-Lingwa tas-Sinjali Maltija (LSM) sabiex jiffa\u010bilitaw il-komunikazzjoni fil-\u0127ajja ta\u2019 kuljum u g\u0127alhekk jinkludu varjet\u00e0 ta\u2019 setturi\" \/>\n<meta property=\"og:url\" content=\"https:\/\/sapport.gov.mt\/mt\/servizzi\/persuni-neqsin-mis-smigh\/\" \/>\n<meta property=\"og:site_name\" content=\"Agenzija Sapport\" \/>\n<meta property=\"article:modified_time\" content=\"2026-04-29T07:31:34+00:00\" \/>\n<meta property=\"og:image\" content=\"https:\/\/sapport.gov.mt\/wp-content\/uploads\/2026\/04\/web-image.jpeg\" \/>\n\t<meta property=\"og:image:width\" content=\"1234\" \/>\n\t<meta property=\"og:image:height\" content=\"1204\" \/>\n\t<meta property=\"og:image:type\" content=\"image\/jpeg\" \/>\n<meta name=\"twitter:card\" content=\"summary_large_image\" \/>\n<meta name=\"twitter:label1\" content=\"Est. reading time\" \/>\n\t<meta name=\"twitter:data1\" content=\"2 minutes\" \/>\n<script type=\"application\/ld+json\" class=\"yoast-schema-graph\">{\"@context\":\"https:\\\/\\\/schema.org\",\"@graph\":[{\"@type\":\"WebPage\",\"@id\":\"https:\\\/\\\/sapport.gov.mt\\\/mt\\\/servizzi\\\/persuni-neqsin-mis-smigh\\\/\",\"url\":\"https:\\\/\\\/sapport.gov.mt\\\/mt\\\/servizzi\\\/persuni-neqsin-mis-smigh\\\/\",\"name\":\"Servizz g\u0127all-persuni neqsin mis-smig\u0127 - Agenzija Sapport\",\"isPartOf\":{\"@id\":\"https:\\\/\\\/sapport.gov.mt\\\/mt\\\/#website\"},\"primaryImageOfPage\":{\"@id\":\"https:\\\/\\\/sapport.gov.mt\\\/mt\\\/servizzi\\\/persuni-neqsin-mis-smigh\\\/#primaryimage\"},\"image\":{\"@id\":\"https:\\\/\\\/sapport.gov.mt\\\/mt\\\/servizzi\\\/persuni-neqsin-mis-smigh\\\/#primaryimage\"},\"thumbnailUrl\":\"https:\\\/\\\/sapport.gov.mt\\\/wp-content\\\/uploads\\\/2026\\\/04\\\/web-image.jpeg\",\"datePublished\":\"2026-04-09T09:56:24+00:00\",\"dateModified\":\"2026-04-29T07:31:34+00:00\",\"description\":\"A\u0121enzija Sapport toffri servizz ta\u2019 Interpretazzjoni tal-Lingwa tas-Sinjali lil individwi neqsin mis-smig\u0127 li ju\u017caw il-Lingwa tas-Sinjali Maltija (LSM) sabiex jiffa\u010bilitaw il-komunikazzjoni fil-\u0127ajja ta\u2019 kuljum u g\u0127alhekk jinkludu varjet\u00e0 ta\u2019 setturi\",\"breadcrumb\":{\"@id\":\"https:\\\/\\\/sapport.gov.mt\\\/mt\\\/servizzi\\\/persuni-neqsin-mis-smigh\\\/#breadcrumb\"},\"inLanguage\":\"mt-MT\",\"potentialAction\":[{\"@type\":\"ReadAction\",\"target\":[\"https:\\\/\\\/sapport.gov.mt\\\/mt\\\/servizzi\\\/persuni-neqsin-mis-smigh\\\/\"]}]},{\"@type\":\"ImageObject\",\"inLanguage\":\"mt-MT\",\"@id\":\"https:\\\/\\\/sapport.gov.mt\\\/mt\\\/servizzi\\\/persuni-neqsin-mis-smigh\\\/#primaryimage\",\"url\":\"https:\\\/\\\/sapport.gov.mt\\\/wp-content\\\/uploads\\\/2026\\\/04\\\/web-image.jpeg\",\"contentUrl\":\"https:\\\/\\\/sapport.gov.mt\\\/wp-content\\\/uploads\\\/2026\\\/04\\\/web-image.jpeg\",\"width\":1234,\"height\":1204,\"caption\":\"Person giving a presentation with a monitor in the background\"},{\"@type\":\"BreadcrumbList\",\"@id\":\"https:\\\/\\\/sapport.gov.mt\\\/mt\\\/servizzi\\\/persuni-neqsin-mis-smigh\\\/#breadcrumb\",\"itemListElement\":[{\"@type\":\"ListItem\",\"position\":1,\"name\":\"Pa\u0121na\",\"item\":\"https:\\\/\\\/sapport.gov.mt\\\/mt\\\/\"},{\"@type\":\"ListItem\",\"position\":2,\"name\":\"Servizzi\",\"item\":\"https:\\\/\\\/sapport.gov.mt\\\/mt\\\/servizzi\\\/\"},{\"@type\":\"ListItem\",\"position\":3,\"name\":\"Servizz g\u0127all-persuni neqsin mis-smig\u0127\"}]},{\"@type\":\"WebSite\",\"@id\":\"https:\\\/\\\/sapport.gov.mt\\\/mt\\\/#website\",\"url\":\"https:\\\/\\\/sapport.gov.mt\\\/mt\\\/\",\"name\":\"Agenzija Sapport\",\"description\":\"Providing Professional And Innovative Services To Enhance The Quality Of Life Of Persons With Disabilities\",\"publisher\":{\"@id\":\"https:\\\/\\\/sapport.gov.mt\\\/mt\\\/#organization\"},\"potentialAction\":[{\"@type\":\"SearchAction\",\"target\":{\"@type\":\"EntryPoint\",\"urlTemplate\":\"https:\\\/\\\/sapport.gov.mt\\\/mt\\\/?s={search_term_string}\"},\"query-input\":{\"@type\":\"PropertyValueSpecification\",\"valueRequired\":true,\"valueName\":\"search_term_string\"}}],\"inLanguage\":\"mt-MT\"},{\"@type\":\"Organization\",\"@id\":\"https:\\\/\\\/sapport.gov.mt\\\/mt\\\/#organization\",\"name\":\"A\u0121enzija Sapport\",\"alternateName\":\"Sapport Agency\",\"url\":\"https:\\\/\\\/sapport.gov.mt\\\/mt\\\/\",\"logo\":{\"@type\":\"ImageObject\",\"inLanguage\":\"mt-MT\",\"@id\":\"https:\\\/\\\/sapport.gov.mt\\\/mt\\\/#\\\/schema\\\/logo\\\/image\\\/\",\"url\":\"https:\\\/\\\/sapport.ppdevplayground.com\\\/wp-content\\\/uploads\\\/2022\\\/11\\\/site-logo.png\",\"contentUrl\":\"https:\\\/\\\/sapport.ppdevplayground.com\\\/wp-content\\\/uploads\\\/2022\\\/11\\\/site-logo.png\",\"width\":320,\"height\":178,\"caption\":\"A\u0121enzija Sapport\"},\"image\":{\"@id\":\"https:\\\/\\\/sapport.gov.mt\\\/mt\\\/#\\\/schema\\\/logo\\\/image\\\/\"}}]}<\/script>\n<!-- \/ Yoast SEO plugin. -->","yoast_head_json":{"title":"Servizz g\u0127all-persuni neqsin mis-smig\u0127 - Agenzija Sapport","description":"A\u0121enzija Sapport toffri servizz ta\u2019 Interpretazzjoni tal-Lingwa tas-Sinjali lil individwi neqsin mis-smig\u0127 li ju\u017caw il-Lingwa tas-Sinjali Maltija (LSM) sabiex jiffa\u010bilitaw il-komunikazzjoni fil-\u0127ajja ta\u2019 kuljum u g\u0127alhekk jinkludu varjet\u00e0 ta\u2019 setturi","robots":{"index":"index","follow":"follow","max-snippet":"max-snippet:-1","max-image-preview":"max-image-preview:large","max-video-preview":"max-video-preview:-1"},"canonical":"https:\/\/sapport.gov.mt\/mt\/servizzi\/persuni-neqsin-mis-smigh\/","og_locale":"mt_MT","og_type":"article","og_title":"Servizz g\u0127all-persuni neqsin mis-smig\u0127 - Agenzija Sapport","og_description":"A\u0121enzija Sapport toffri servizz ta\u2019 Interpretazzjoni tal-Lingwa tas-Sinjali lil individwi neqsin mis-smig\u0127 li ju\u017caw il-Lingwa tas-Sinjali Maltija (LSM) sabiex jiffa\u010bilitaw il-komunikazzjoni fil-\u0127ajja ta\u2019 kuljum u g\u0127alhekk jinkludu varjet\u00e0 ta\u2019 setturi","og_url":"https:\/\/sapport.gov.mt\/mt\/servizzi\/persuni-neqsin-mis-smigh\/","og_site_name":"Agenzija Sapport","article_modified_time":"2026-04-29T07:31:34+00:00","og_image":[{"width":1234,"height":1204,"url":"https:\/\/sapport.gov.mt\/wp-content\/uploads\/2026\/04\/web-image.jpeg","type":"image\/jpeg"}],"twitter_card":"summary_large_image","twitter_misc":{"Est. reading time":"2 minutes"},"schema":{"@context":"https:\/\/schema.org","@graph":[{"@type":"WebPage","@id":"https:\/\/sapport.gov.mt\/mt\/servizzi\/persuni-neqsin-mis-smigh\/","url":"https:\/\/sapport.gov.mt\/mt\/servizzi\/persuni-neqsin-mis-smigh\/","name":"Servizz g\u0127all-persuni neqsin mis-smig\u0127 - Agenzija Sapport","isPartOf":{"@id":"https:\/\/sapport.gov.mt\/mt\/#website"},"primaryImageOfPage":{"@id":"https:\/\/sapport.gov.mt\/mt\/servizzi\/persuni-neqsin-mis-smigh\/#primaryimage"},"image":{"@id":"https:\/\/sapport.gov.mt\/mt\/servizzi\/persuni-neqsin-mis-smigh\/#primaryimage"},"thumbnailUrl":"https:\/\/sapport.gov.mt\/wp-content\/uploads\/2026\/04\/web-image.jpeg","datePublished":"2026-04-09T09:56:24+00:00","dateModified":"2026-04-29T07:31:34+00:00","description":"A\u0121enzija Sapport toffri servizz ta\u2019 Interpretazzjoni tal-Lingwa tas-Sinjali lil individwi neqsin mis-smig\u0127 li ju\u017caw il-Lingwa tas-Sinjali Maltija (LSM) sabiex jiffa\u010bilitaw il-komunikazzjoni fil-\u0127ajja ta\u2019 kuljum u g\u0127alhekk jinkludu varjet\u00e0 ta\u2019 setturi","breadcrumb":{"@id":"https:\/\/sapport.gov.mt\/mt\/servizzi\/persuni-neqsin-mis-smigh\/#breadcrumb"},"inLanguage":"mt-MT","potentialAction":[{"@type":"ReadAction","target":["https:\/\/sapport.gov.mt\/mt\/servizzi\/persuni-neqsin-mis-smigh\/"]}]},{"@type":"ImageObject","inLanguage":"mt-MT","@id":"https:\/\/sapport.gov.mt\/mt\/servizzi\/persuni-neqsin-mis-smigh\/#primaryimage","url":"https:\/\/sapport.gov.mt\/wp-content\/uploads\/2026\/04\/web-image.jpeg","contentUrl":"https:\/\/sapport.gov.mt\/wp-content\/uploads\/2026\/04\/web-image.jpeg","width":1234,"height":1204,"caption":"Person giving a presentation with a monitor in the background"},{"@type":"BreadcrumbList","@id":"https:\/\/sapport.gov.mt\/mt\/servizzi\/persuni-neqsin-mis-smigh\/#breadcrumb","itemListElement":[{"@type":"ListItem","position":1,"name":"Pa\u0121na","item":"https:\/\/sapport.gov.mt\/mt\/"},{"@type":"ListItem","position":2,"name":"Servizzi","item":"https:\/\/sapport.gov.mt\/mt\/servizzi\/"},{"@type":"ListItem","position":3,"name":"Servizz g\u0127all-persuni neqsin mis-smig\u0127"}]},{"@type":"WebSite","@id":"https:\/\/sapport.gov.mt\/mt\/#website","url":"https:\/\/sapport.gov.mt\/mt\/","name":"Agenzija Sapport","description":"Providing Professional And Innovative Services To Enhance The Quality Of Life Of Persons With Disabilities","publisher":{"@id":"https:\/\/sapport.gov.mt\/mt\/#organization"},"potentialAction":[{"@type":"SearchAction","target":{"@type":"EntryPoint","urlTemplate":"https:\/\/sapport.gov.mt\/mt\/?s={search_term_string}"},"query-input":{"@type":"PropertyValueSpecification","valueRequired":true,"valueName":"search_term_string"}}],"inLanguage":"mt-MT"},{"@type":"Organization","@id":"https:\/\/sapport.gov.mt\/mt\/#organization","name":"A\u0121enzija Sapport","alternateName":"Sapport Agency","url":"https:\/\/sapport.gov.mt\/mt\/","logo":{"@type":"ImageObject","inLanguage":"mt-MT","@id":"https:\/\/sapport.gov.mt\/mt\/#\/schema\/logo\/image\/","url":"https:\/\/sapport.ppdevplayground.com\/wp-content\/uploads\/2022\/11\/site-logo.png","contentUrl":"https:\/\/sapport.ppdevplayground.com\/wp-content\/uploads\/2022\/11\/site-logo.png","width":320,"height":178,"caption":"A\u0121enzija Sapport"},"image":{"@id":"https:\/\/sapport.gov.mt\/mt\/#\/schema\/logo\/image\/"}}]}},"_links":{"self":[{"href":"https:\/\/sapport.gov.mt\/mt\/wp-json\/wp\/v2\/pages\/13694","targetHints":{"allow":["GET"]}}],"collection":[{"href":"https:\/\/sapport.gov.mt\/mt\/wp-json\/wp\/v2\/pages"}],"about":[{"href":"https:\/\/sapport.gov.mt\/mt\/wp-json\/wp\/v2\/types\/page"}],"author":[{"embeddable":true,"href":"https:\/\/sapport.gov.mt\/mt\/wp-json\/wp\/v2\/users\/3"}],"replies":[{"embeddable":true,"href":"https:\/\/sapport.gov.mt\/mt\/wp-json\/wp\/v2\/comments?post=13694"}],"version-history":[{"count":12,"href":"https:\/\/sapport.gov.mt\/mt\/wp-json\/wp\/v2\/pages\/13694\/revisions"}],"predecessor-version":[{"id":13796,"href":"https:\/\/sapport.gov.mt\/mt\/wp-json\/wp\/v2\/pages\/13694\/revisions\/13796"}],"up":[{"embeddable":true,"href":"https:\/\/sapport.gov.mt\/mt\/wp-json\/wp\/v2\/pages\/2105"}],"wp:featuredmedia":[{"embeddable":true,"href":"https:\/\/sapport.gov.mt\/mt\/wp-json\/wp\/v2\/media\/13697"}],"wp:attachment":[{"href":"https:\/\/sapport.gov.mt\/mt\/wp-json\/wp\/v2\/media?parent=13694"}],"wp:term":[{"taxonomy":"category","embeddable":true,"href":"https:\/\/sapport.gov.mt\/mt\/wp-json\/wp\/v2\/categories?post=13694"}],"curies":[{"name":"wp","href":"https:\/\/api.w.org\/{rel}","templated":true}]}}